{"id":12,"date":"2020-10-22T08:15:50","date_gmt":"2020-10-22T11:15:50","guid":{"rendered":"http:\/\/www.policiajudicial.com.br\/site\/?page_id=12"},"modified":"2020-12-21T15:47:52","modified_gmt":"2020-12-21T18:47:52","slug":"institucional","status":"publish","type":"page","link":"https:\/\/www.policiajudicial.com.br\/site\/","title":{"rendered":"Institucional"},"content":{"rendered":"\t\t<div data-elementor-type=\"wp-page\" data-elementor-id=\"12\" class=\"elementor elementor-12\" data-elementor-settings=\"[]\">\n\t\t\t\t\t\t<div class=\"elementor-inner\">\n\t\t\t\t\t\t\t<div class=\"elementor-section-wrap\">\n\t\t\t\t\t\t\t<section class=\"has_eae_slider elementor-section elementor-top-section elementor-element elementor-element-012f512 elementor-section-boxed elementor-section-height-default elementor-section-height-default\" data-id=\"012f512\" data-element_type=\"section\" data-settings=\"{&quot;_ha_eqh_enable&quot;:false}\">\n\t\t\t\t\t\t<div class=\"elementor-container elementor-column-gap-default\">\n\t\t\t\t\t\t\t<div class=\"elementor-row\">\n\t\t\t\t\t<div class=\"has_eae_slider elementor-column elementor-col-100 elementor-top-column elementor-element elementor-element-a3c5630\" data-id=\"a3c5630\" data-element_type=\"column\">\n\t\t\t<div class=\"elementor-column-wrap elementor-element-populated\">\n\t\t\t\t\t\t\t<div class=\"elementor-widget-wrap\">\n\t\t\t\t\t\t<div class=\"elementor-element elementor-element-3c92e15 elementor-widget elementor-widget-heading\" data-id=\"3c92e15\" data-element_type=\"widget\" data-widget_type=\"heading.default\">\n\t\t\t\t<div class=\"elementor-widget-container\">\n\t\t\t<h1 class=\"elementor-heading-title elementor-size-xxl\">INSTITUCIONAL<\/h1>\t\t<\/div>\n\t\t\t\t<\/div>\n\t\t\t\t<div class=\"elementor-element elementor-element-f217039 elementor-widget elementor-widget-text-editor\" data-id=\"f217039\" data-element_type=\"widget\" data-widget_type=\"text-editor.default\">\n\t\t\t\t<div class=\"elementor-widget-container\">\n\t\t\t\t\t\t\t\t<div class=\"elementor-text-editor elementor-clearfix\">\n\t\t\t\t\t<p style=\"text-align: left;\">O <strong>CENTRO DE ESTUDOS DE CI\u00caNCIAS POLICIAIS, CECP<\/strong>, foi institu\u00eddo pela empresa GJ&amp;A Desenvolvimento Profissional e Gerencial Ltda. Seu foco \u00e9 o atendimento das for\u00e7as de seguran\u00e7a p\u00fablica e privada em suas demandas acad\u00eamicas relacionadas \u00e0 \u00e1rea do saber <strong>CI\u00caNCIAS POLICIAIS<\/strong>.<\/p>\t\t\t\t\t<\/div>\n\t\t\t\t\t\t<\/div>\n\t\t\t\t<\/div>\n\t\t\t\t<div class=\"elementor-element elementor-element-b45527c elementor-widget-divider--view-line_text elementor-widget-divider--separator-type-pattern elementor-widget-divider--no-spacing elementor-widget-divider--element-align-center elementor-widget elementor-widget-divider\" data-id=\"b45527c\" data-element_type=\"widget\" data-widget_type=\"divider.default\">\n\t\t\t\t<div class=\"elementor-widget-container\">\n\t\t\t\t\t<div class=\"elementor-divider\" style=\"--divider-pattern-url: url(&quot;data:image\/svg+xml,%3Csvg xmlns=&#039;http:\/\/www.w3.org\/2000\/svg&#039; preserveAspectRatio=&#039;none&#039; overflow=&#039;visible&#039; height=&#039;100%&#039; viewBox=&#039;0 0 24 24&#039; fill=&#039;black&#039; stroke=&#039;none&#039;%3E%3Cpath d=&#039;M24,8v12H0V8H24z M24,4v1H0V4H24z&#039;\/%3E%3C\/svg%3E&quot;);\">\n\t\t\t<span class=\"elementor-divider-separator\">\n\t\t\t\t\t\t\t<span class=\"elementor-divider__text elementor-divider__element\">MISS\u00c3O<\/span>\n\t\t\t\t\t\t<\/span>\n\t\t<\/div>\n\t\t\t\t<\/div>\n\t\t\t\t<\/div>\n\t\t\t\t<div class=\"elementor-element elementor-element-a5110ca elementor-widget elementor-widget-text-editor\" data-id=\"a5110ca\" data-element_type=\"widget\" data-widget_type=\"text-editor.default\">\n\t\t\t\t<div class=\"elementor-widget-container\">\n\t\t\t\t\t\t\t\t<div class=\"elementor-text-editor elementor-clearfix\">\n\t\t\t\t\t<p>Promover estudos de car\u00e1ter t\u00e9cnico-cient\u00edfico sobre ci\u00eancias policiais.<\/p>\t\t\t\t\t<\/div>\n\t\t\t\t\t\t<\/div>\n\t\t\t\t<\/div>\n\t\t\t\t<div class=\"elementor-element elementor-element-b654ec7 elementor-widget-divider--view-line_text elementor-widget-divider--separator-type-pattern elementor-widget-divider--no-spacing elementor-widget-divider--element-align-center elementor-widget elementor-widget-divider\" data-id=\"b654ec7\" data-element_type=\"widget\" data-widget_type=\"divider.default\">\n\t\t\t\t<div class=\"elementor-widget-container\">\n\t\t\t\t\t<div class=\"elementor-divider\" style=\"--divider-pattern-url: url(&quot;data:image\/svg+xml,%3Csvg xmlns=&#039;http:\/\/www.w3.org\/2000\/svg&#039; preserveAspectRatio=&#039;none&#039; overflow=&#039;visible&#039; height=&#039;100%&#039; viewBox=&#039;0 0 24 24&#039; fill=&#039;black&#039; stroke=&#039;none&#039;%3E%3Cpath d=&#039;M24,8v12H0V8H24z M24,4v1H0V4H24z&#039;\/%3E%3C\/svg%3E&quot;);\">\n\t\t\t<span class=\"elementor-divider-separator\">\n\t\t\t\t\t\t\t<span class=\"elementor-divider__text elementor-divider__element\">VIS\u00c3O<\/span>\n\t\t\t\t\t\t<\/span>\n\t\t<\/div>\n\t\t\t\t<\/div>\n\t\t\t\t<\/div>\n\t\t\t\t<div class=\"elementor-element elementor-element-ca01d4f elementor-widget elementor-widget-text-editor\" data-id=\"ca01d4f\" data-element_type=\"widget\" data-widget_type=\"text-editor.default\">\n\t\t\t\t<div class=\"elementor-widget-container\">\n\t\t\t\t\t\t\t\t<div class=\"elementor-text-editor elementor-clearfix\">\n\t\t\t\t\t<p>Ser refer\u00eancia nacional na propaga\u00e7\u00e3o de conhecimentos t\u00e9cnico-cient\u00edficos sobre ci\u00eancias policiais e seguran\u00e7a org\u00e2nica at\u00e9 dezembro de 2025.<\/p>\t\t\t\t\t<\/div>\n\t\t\t\t\t\t<\/div>\n\t\t\t\t<\/div>\n\t\t\t\t<div class=\"elementor-element elementor-element-6f892c3 elementor-widget-divider--view-line_text elementor-widget-divider--separator-type-pattern elementor-widget-divider--no-spacing elementor-widget-divider--element-align-center elementor-widget elementor-widget-divider\" data-id=\"6f892c3\" data-element_type=\"widget\" data-widget_type=\"divider.default\">\n\t\t\t\t<div class=\"elementor-widget-container\">\n\t\t\t\t\t<div class=\"elementor-divider\" style=\"--divider-pattern-url: url(&quot;data:image\/svg+xml,%3Csvg xmlns=&#039;http:\/\/www.w3.org\/2000\/svg&#039; preserveAspectRatio=&#039;none&#039; overflow=&#039;visible&#039; height=&#039;100%&#039; viewBox=&#039;0 0 24 24&#039; fill=&#039;black&#039; stroke=&#039;none&#039;%3E%3Cpath d=&#039;M24,8v12H0V8H24z M24,4v1H0V4H24z&#039;\/%3E%3C\/svg%3E&quot;);\">\n\t\t\t<span class=\"elementor-divider-separator\">\n\t\t\t\t\t\t\t<span class=\"elementor-divider__text elementor-divider__element\">OBJETIVO GERAL<\/span>\n\t\t\t\t\t\t<\/span>\n\t\t<\/div>\n\t\t\t\t<\/div>\n\t\t\t\t<\/div>\n\t\t\t\t<div class=\"elementor-element elementor-element-3dafcb4 elementor-widget elementor-widget-text-editor\" data-id=\"3dafcb4\" data-element_type=\"widget\" data-widget_type=\"text-editor.default\">\n\t\t\t\t<div class=\"elementor-widget-container\">\n\t\t\t\t\t\t\t\t<div class=\"elementor-text-editor elementor-clearfix\">\n\t\t\t\t\t<p>Desenvolver compet\u00eancias para forma\u00e7\u00e3o e aperfei\u00e7oamento dos profissionais que desenvolvem atividades de seguran\u00e7a p\u00fablica e privada nos n\u00edveis estrat\u00e9gico, t\u00e1tico, t\u00e9cnico, operacional e administrativo, considerando as seguintes defini\u00e7\u00f5es:<\/p><p><strong>I \u2013 FORMA\u00c7\u00c3O:<\/strong> processo de desenvolvimento de um conjunto de conhecimentos e habilidades espec\u00edficos para o exerc\u00edcio da atividade de seguran\u00e7a p\u00fablica e\/ou privada;<\/p><p><strong>II \u2013 APERFEI\u00c7OAMENTO:<\/strong> processo de desenvolvimento profissional e de compet\u00eancias de seguran\u00e7a essenciais para garantir a continuidade e a sustentabilidade organizacional;<\/p><p><strong>III \u2013 COMPET\u00caNCIA:<\/strong> conjunto de conhecimentos, habilidades e atitudes necess\u00e1rias ao desempenho das fun\u00e7\u00f5es dos profissionais de seguran\u00e7a p\u00fablica e privada, visando ao alcance dos objetivos estrat\u00e9gicos das organiza\u00e7\u00f5es a que estiverem vinculados;<\/p><p><strong>IV \u2013 DESENVOLVIMENTO DE COMPET\u00caNCIAS:<\/strong> processo de aprendizagem orientado para o saber, o saber fazer e o saber ser, na perspectiva da estrat\u00e9gia organizacional.<\/p>\t\t\t\t\t<\/div>\n\t\t\t\t\t\t<\/div>\n\t\t\t\t<\/div>\n\t\t\t\t<div class=\"elementor-element elementor-element-61b2db3 elementor-widget-divider--view-line_text elementor-widget-divider--separator-type-pattern elementor-widget-divider--no-spacing elementor-widget-divider--element-align-center elementor-widget elementor-widget-divider\" data-id=\"61b2db3\" data-element_type=\"widget\" data-widget_type=\"divider.default\">\n\t\t\t\t<div class=\"elementor-widget-container\">\n\t\t\t\t\t<div class=\"elementor-divider\" style=\"--divider-pattern-url: url(&quot;data:image\/svg+xml,%3Csvg xmlns=&#039;http:\/\/www.w3.org\/2000\/svg&#039; preserveAspectRatio=&#039;none&#039; overflow=&#039;visible&#039; height=&#039;100%&#039; viewBox=&#039;0 0 24 24&#039; fill=&#039;black&#039; stroke=&#039;none&#039;%3E%3Cpath d=&#039;M24,8v12H0V8H24z M24,4v1H0V4H24z&#039;\/%3E%3C\/svg%3E&quot;);\">\n\t\t\t<span class=\"elementor-divider-separator\">\n\t\t\t\t\t\t\t<span class=\"elementor-divider__text elementor-divider__element\">OBJETIVOS ESPEC\u00cdFICOS<\/span>\n\t\t\t\t\t\t<\/span>\n\t\t<\/div>\n\t\t\t\t<\/div>\n\t\t\t\t<\/div>\n\t\t\t\t<div class=\"elementor-element elementor-element-fd4e91d elementor-widget elementor-widget-text-editor\" data-id=\"fd4e91d\" data-element_type=\"widget\" data-widget_type=\"text-editor.default\">\n\t\t\t\t<div class=\"elementor-widget-container\">\n\t\t\t\t\t\t\t\t<div class=\"elementor-text-editor elementor-clearfix\">\n\t\t\t\t\t<p><strong>I \u2013<\/strong> Fomentar, desenvolver, aprimorar e disseminar a\u00e7\u00f5es de pesquisa e de produ\u00e7\u00e3o cient\u00edfica voltadas \u00e0s ci\u00eancias policiais;<\/p><p><strong>II \u2013<\/strong> Desenvolver a\u00e7\u00f5es de forma\u00e7\u00e3o e aperfei\u00e7oamento dos profissionais vinculados \u00e0 seguran\u00e7a p\u00fablica e privada;<\/p><p><strong>III \u2013<\/strong> Desenvolver a\u00e7\u00f5es acad\u00eamicas de natureza policial e de intelig\u00eancia para subsidiar o processo de governan\u00e7a de seguran\u00e7a em plena harmonia com as Resolu\u00e7\u00f5es do Conselho Nacional de Justi\u00e7a e com os atos normativos dos tribunais superiores;<\/p><p><strong>IV \u2013<\/strong> Promover conv\u00eanios e interc\u00e2mbio t\u00e9cnico, cient\u00edfico, acad\u00eamico, administrativo e o estreitamento dos v\u00ednculos entre as unidades de forma\u00e7\u00e3o do Poder Judici\u00e1rio e outras institui\u00e7\u00f5es p\u00fablicas ou privadas que tenham objetivos afins.<\/p>\t\t\t\t\t<\/div>\n\t\t\t\t\t\t<\/div>\n\t\t\t\t<\/div>\n\t\t\t\t<div class=\"elementor-element elementor-element-e691163 elementor-widget-divider--view-line_text elementor-widget-divider--separator-type-pattern elementor-widget-divider--no-spacing elementor-widget-divider--element-align-center elementor-widget elementor-widget-divider\" data-id=\"e691163\" data-element_type=\"widget\" data-widget_type=\"divider.default\">\n\t\t\t\t<div class=\"elementor-widget-container\">\n\t\t\t\t\t<div class=\"elementor-divider\" style=\"--divider-pattern-url: url(&quot;data:image\/svg+xml,%3Csvg xmlns=&#039;http:\/\/www.w3.org\/2000\/svg&#039; preserveAspectRatio=&#039;none&#039; overflow=&#039;visible&#039; height=&#039;100%&#039; viewBox=&#039;0 0 24 24&#039; fill=&#039;black&#039; stroke=&#039;none&#039;%3E%3Cpath d=&#039;M24,8v12H0V8H24z M24,4v1H0V4H24z&#039;\/%3E%3C\/svg%3E&quot;);\">\n\t\t\t<span class=\"elementor-divider-separator\">\n\t\t\t\t\t\t\t<span class=\"elementor-divider__text elementor-divider__element\">PRINC\u00cdPIOS E PREMISSAS<\/span>\n\t\t\t\t\t\t<\/span>\n\t\t<\/div>\n\t\t\t\t<\/div>\n\t\t\t\t<\/div>\n\t\t\t\t<div class=\"elementor-element elementor-element-423bf87 elementor-widget elementor-widget-text-editor\" data-id=\"423bf87\" data-element_type=\"widget\" data-widget_type=\"text-editor.default\">\n\t\t\t\t<div class=\"elementor-widget-container\">\n\t\t\t\t\t\t\t\t<div class=\"elementor-text-editor elementor-clearfix\">\n\t\t\t\t\t<p><strong>I \u2013<\/strong> A atividade de intelig\u00eancia \u00e9 a base para estrutura\u00e7\u00e3o de todo o processo de planejamento e execu\u00e7\u00e3o das atividades policiais e de seguran\u00e7a org\u00e2nica, seja na esfera estrat\u00e9gica, t\u00e1tica, t\u00e9cnica ou operacional.<\/p><p><strong>II \u2013<\/strong> O \u00eaxito do processo de governan\u00e7a e execu\u00e7\u00e3o das atividades de seguran\u00e7a p\u00fablica e privada depende diretamente do aprofundamento dos conhecimentos das ci\u00eancias policiais que devem girar em torno do bin\u00f4mio teoria\/pr\u00e1tica.<\/p>\t\t\t\t\t<\/div>\n\t\t\t\t\t\t<\/div>\n\t\t\t\t<\/div>\n\t\t\t\t\t\t<\/div>\n\t\t\t\t\t<\/div>\n\t\t<\/div>\n\t\t\t\t\t\t\t\t<\/div>\n\t\t\t\t\t<\/div>\n\t\t<\/section>\n\t\t\t\t\t\t<\/div>\n\t\t\t\t\t\t<\/div>\n\t\t\t\t\t<\/div>\n\t\t","protected":false},"excerpt":{"rendered":"<p>INSTITUCIONAL O CENTRO DE ESTUDOS DE CI\u00caNCIAS POLICIAIS, CECP, foi institu\u00eddo pela empresa GJ&amp;A Desenvolvimento Profissional e Gerencial Ltda. Seu foco \u00e9 o atendimento das for\u00e7as de seguran\u00e7a p\u00fablica e privada em suas demandas acad\u00eamicas relacionadas \u00e0 \u00e1rea do saber CI\u00caNCIAS POLICIAIS. MISS\u00c3O Promover estudos de car\u00e1ter t\u00e9cnico-cient\u00edfico sobre ci\u00eancias policiais. VIS\u00c3O Ser refer\u00eancia nacional [&hellip;]<\/p>\n","protected":false},"author":1,"featured_media":0,"parent":0,"menu_order":0,"comment_status":"closed","ping_status":"closed","template":"","meta":[],"_links":{"self":[{"href":"https:\/\/www.policiajudicial.com.br\/site\/index.php?rest_route=\/wp\/v2\/pages\/12"}],"collection":[{"href":"https:\/\/www.policiajudicial.com.br\/site\/index.php?rest_route=\/wp\/v2\/pages"}],"about":[{"href":"https:\/\/www.policiajudicial.com.br\/site\/index.php?rest_route=\/wp\/v2\/types\/page"}],"author":[{"embeddable":true,"href":"https:\/\/www.policiajudicial.com.br\/site\/index.php?rest_route=\/wp\/v2\/users\/1"}],"replies":[{"embeddable":true,"href":"https:\/\/www.policiajudicial.com.br\/site\/index.php?rest_route=%2Fwp%2Fv2%2Fcomments&post=12"}],"version-history":[{"count":14,"href":"https:\/\/www.policiajudicial.com.br\/site\/index.php?rest_route=\/wp\/v2\/pages\/12\/revisions"}],"predecessor-version":[{"id":593,"href":"https:\/\/www.policiajudicial.com.br\/site\/index.php?rest_route=\/wp\/v2\/pages\/12\/revisions\/593"}],"wp:attachment":[{"href":"https:\/\/www.policiajudicial.com.br\/site\/index.php?rest_route=%2Fwp%2Fv2%2Fmedia&parent=12"}],"curies":[{"name":"wp","href":"https:\/\/api.w.org\/{rel}","templated":true}]}}